{"id":1025,"date":"2014-04-06T19:59:14","date_gmt":"2014-04-06T16:59:14","guid":{"rendered":"http:\/\/www.fenster.ee\/?page_id=1025"},"modified":"2018-06-18T12:17:47","modified_gmt":"2018-06-18T09:17:47","slug":"eesti","status":"publish","type":"page","link":"https:\/\/www.fenster.ee\/en\/eesti\/","title":{"rendered":"Completed projects"},"content":{"rendered":"\n\t\t<style type=\"text\/css\">\n\t\t\t#gallery-1 {\n\t\t\t\tmargin: auto;\n\t\t\t}\n\t\t\t#gallery-1 .gallery-item {\n\t\t\t\tfloat: left;\n\t\t\t\tmargin-top: 10px;\n\t\t\t\ttext-align: center;\n\t\t\t\twidth: 33%;\n\t\t\t}\n\t\t\t#gallery-1 img {\n\t\t\t\tborder: 2px solid #cfcfcf;\n\t\t\t}\n\t\t\t#gallery-1 .gallery-caption {\n\t\t\t\tmargin-left: 0;\n\t\t\t}\n\t\t\t\/* see gallery_shortcode() in wp-includes\/media.php *\/\n\t\t<\/style>\n\t\t<div id='gallery-1' class='gallery galleryid-1025 gallery-columns-3 gallery-size-thumbnail'><dl class='gallery-item'>\n\t\t\t<dt class='gallery-icon landscape'>\n\t\t\t\t<a href='https:\/\/www.fenster.ee\/en\/eesti\/100_2049-2\/'><img loading=\"lazy\" decoding=\"async\" width=\"200\" height=\"200\" src=\"https:\/\/www.fenster.ee\/wp-content\/uploads\/2014\/04\/100_2049-200x200.jpg\" class=\"attachment-thumbnail size-thumbnail\" alt=\"\" aria-describedby=\"gallery-1-2510\" srcset=\"https:\/\/www.fenster.ee\/wp-content\/uploads\/2014\/04\/100_2049-200x200.jpg 200w, https:\/\/www.fenster.ee\/wp-content\/uploads\/2014\/04\/100_2049-100x100.jpg 100w, https:\/\/www.fenster.ee\/wp-content\/uploads\/2014\/04\/100_2049-150x150.jpg 150w\" sizes=\"auto, (max-width: 200px) 100vw, 200px\" \/><\/a>\n\t\t\t<\/dt>\n\t\t\t\t<dd class='wp-caption-text gallery-caption' id='gallery-1-2510'>\n\t\t\t\tAlumiinium fassaad, aknad Narvas\n\t\t\t\t<\/dd><\/dl><dl class='gallery-item'>\n\t\t\t<dt class='gallery-icon portrait'>\n\t\t\t\t<a href='https:\/\/www.fenster.ee\/en\/eesti\/100_2050-2\/'><img loading=\"lazy\" decoding=\"async\" width=\"200\" height=\"200\" src=\"https:\/\/www.fenster.ee\/wp-content\/uploads\/2014\/04\/100_2050-200x200.jpg\" class=\"attachment-thumbnail size-thumbnail\" alt=\"\" aria-describedby=\"gallery-1-2516\" srcset=\"https:\/\/www.fenster.ee\/wp-content\/uploads\/2014\/04\/100_2050-200x200.jpg 200w, https:\/\/www.fenster.ee\/wp-content\/uploads\/2014\/04\/100_2050-100x100.jpg 100w, https:\/\/www.fenster.ee\/wp-content\/uploads\/2014\/04\/100_2050-150x150.jpg 150w\" sizes=\"auto, (max-width: 200px) 100vw, 200px\" \/><\/a>\n\t\t\t<\/dt>\n\t\t\t\t<dd class='wp-caption-text gallery-caption' id='gallery-1-2516'>\n\t\t\t\tAlumiinium fassaad, aknad Narvas\n\t\t\t\t<\/dd><\/dl><dl class='gallery-item'>\n\t\t\t<dt class='gallery-icon landscape'>\n\t\t\t\t<a href='https:\/\/www.fenster.ee\/en\/eesti\/100_2051-2\/'><img loading=\"lazy\" decoding=\"async\" width=\"200\" height=\"200\" src=\"https:\/\/www.fenster.ee\/wp-content\/uploads\/2014\/04\/100_2051-200x200.jpg\" class=\"attachment-thumbnail size-thumbnail\" alt=\"\" aria-describedby=\"gallery-1-2522\" srcset=\"https:\/\/www.fenster.ee\/wp-content\/uploads\/2014\/04\/100_2051-200x200.jpg 200w, https:\/\/www.fenster.ee\/wp-content\/uploads\/2014\/04\/100_2051-100x100.jpg 100w, https:\/\/www.fenster.ee\/wp-content\/uploads\/2014\/04\/100_2051-150x150.jpg 150w\" sizes=\"auto, (max-width: 200px) 100vw, 200px\" \/><\/a>\n\t\t\t<\/dt>\n\t\t\t\t<dd class='wp-caption-text gallery-caption' id='gallery-1-2522'>\n\t\t\t\tAlumiinium fassaad, aknad Narvas\n\t\t\t\t<\/dd><\/dl><br style=\"clear: both\" \/><dl class='gallery-item'>\n\t\t\t<dt class='gallery-icon portrait'>\n\t\t\t\t<a href='https:\/\/www.fenster.ee\/en\/eesti\/heki-2\/'><img loading=\"lazy\" decoding=\"async\" width=\"200\" height=\"200\" src=\"https:\/\/www.fenster.ee\/wp-content\/uploads\/2014\/04\/Heki-200x200.jpg\" class=\"attachment-thumbnail size-thumbnail\" alt=\"\" aria-describedby=\"gallery-1-2528\" srcset=\"https:\/\/www.fenster.ee\/wp-content\/uploads\/2014\/04\/Heki-200x200.jpg 200w, https:\/\/www.fenster.ee\/wp-content\/uploads\/2014\/04\/Heki-100x100.jpg 100w, https:\/\/www.fenster.ee\/wp-content\/uploads\/2014\/04\/Heki-150x150.jpg 150w\" sizes=\"auto, (max-width: 200px) 100vw, 200px\" \/><\/a>\n\t\t\t<\/dt>\n\t\t\t\t<dd class='wp-caption-text gallery-caption' id='gallery-1-2528'>\n\t\t\t\tAlumiinium  aknad ja uksed Viimsi\n\t\t\t\t<\/dd><\/dl><dl class='gallery-item'>\n\t\t\t<dt class='gallery-icon landscape'>\n\t\t\t\t<a href='https:\/\/www.fenster.ee\/en\/eesti\/ipa2-2\/'><img loading=\"lazy\" decoding=\"async\" width=\"200\" height=\"200\" src=\"https:\/\/www.fenster.ee\/wp-content\/uploads\/2014\/04\/IPA2-200x200.jpg\" class=\"attachment-thumbnail size-thumbnail\" alt=\"\" aria-describedby=\"gallery-1-2534\" srcset=\"https:\/\/www.fenster.ee\/wp-content\/uploads\/2014\/04\/IPA2-200x200.jpg 200w, https:\/\/www.fenster.ee\/wp-content\/uploads\/2014\/04\/IPA2-100x100.jpg 100w, https:\/\/www.fenster.ee\/wp-content\/uploads\/2014\/04\/IPA2-150x150.jpg 150w\" sizes=\"auto, (max-width: 200px) 100vw, 200px\" \/><\/a>\n\t\t\t<\/dt>\n\t\t\t\t<dd class='wp-caption-text gallery-caption' id='gallery-1-2534'>\n\t\t\t\tTootmishoone Harjumaal, alumiinium &#8211; konstruktsioonid\n\t\t\t\t<\/dd><\/dl><dl class='gallery-item'>\n\t\t\t<dt class='gallery-icon landscape'>\n\t\t\t\t<a href='https:\/\/www.fenster.ee\/en\/eesti\/okna15-2\/'><img loading=\"lazy\" decoding=\"async\" width=\"200\" height=\"200\" src=\"https:\/\/www.fenster.ee\/wp-content\/uploads\/2014\/04\/okna15-200x200.jpg\" class=\"attachment-thumbnail size-thumbnail\" alt=\"\" aria-describedby=\"gallery-1-2540\" srcset=\"https:\/\/www.fenster.ee\/wp-content\/uploads\/2014\/04\/okna15-200x200.jpg 200w, https:\/\/www.fenster.ee\/wp-content\/uploads\/2014\/04\/okna15-100x100.jpg 100w, https:\/\/www.fenster.ee\/wp-content\/uploads\/2014\/04\/okna15-150x150.jpg 150w\" sizes=\"auto, (max-width: 200px) 100vw, 200px\" \/><\/a>\n\t\t\t<\/dt>\n\t\t\t\t<dd class='wp-caption-text gallery-caption' id='gallery-1-2540'>\n\t\t\t\tPVC-aknad Korterielamu Tallinnas\n\t\t\t\t<\/dd><\/dl><br style=\"clear: both\" \/><dl class='gallery-item'>\n\t\t\t<dt class='gallery-icon landscape'>\n\t\t\t\t<a href='https:\/\/www.fenster.ee\/en\/eesti\/okna27-2\/'><img loading=\"lazy\" decoding=\"async\" width=\"200\" height=\"200\" src=\"https:\/\/www.fenster.ee\/wp-content\/uploads\/2014\/04\/okna27-200x200.jpg\" class=\"attachment-thumbnail size-thumbnail\" alt=\"\" aria-describedby=\"gallery-1-2546\" srcset=\"https:\/\/www.fenster.ee\/wp-content\/uploads\/2014\/04\/okna27-200x200.jpg 200w, https:\/\/www.fenster.ee\/wp-content\/uploads\/2014\/04\/okna27-100x100.jpg 100w, https:\/\/www.fenster.ee\/wp-content\/uploads\/2014\/04\/okna27-150x150.jpg 150w\" sizes=\"auto, (max-width: 200px) 100vw, 200px\" \/><\/a>\n\t\t\t<\/dt>\n\t\t\t\t<dd class='wp-caption-text gallery-caption' id='gallery-1-2546'>\n\t\t\t\tPVC-aknad Sotsiaalmaja Tallinnas\n\t\t\t\t<\/dd><\/dl><dl class='gallery-item'>\n\t\t\t<dt class='gallery-icon landscape'>\n\t\t\t\t<a href='https:\/\/www.fenster.ee\/en\/eesti\/okna50-2\/'><img loading=\"lazy\" decoding=\"async\" width=\"200\" height=\"200\" src=\"https:\/\/www.fenster.ee\/wp-content\/uploads\/2014\/04\/okna50-200x200.jpg\" class=\"attachment-thumbnail size-thumbnail\" alt=\"\" aria-describedby=\"gallery-1-2552\" srcset=\"https:\/\/www.fenster.ee\/wp-content\/uploads\/2014\/04\/okna50-200x200.jpg 200w, https:\/\/www.fenster.ee\/wp-content\/uploads\/2014\/04\/okna50-100x100.jpg 100w, https:\/\/www.fenster.ee\/wp-content\/uploads\/2014\/04\/okna50-150x150.jpg 150w\" sizes=\"auto, (max-width: 200px) 100vw, 200px\" \/><\/a>\n\t\t\t<\/dt>\n\t\t\t\t<dd class='wp-caption-text gallery-caption' id='gallery-1-2552'>\n\t\t\t\tPVC-aknad L\u00e4\u00e4nemere  G\u00fcmnaasium\n\t\t\t\t<\/dd><\/dl><dl class='gallery-item'>\n\t\t\t<dt class='gallery-icon landscape'>\n\t\t\t\t<a href='https:\/\/www.fenster.ee\/en\/eesti\/picture-338-2\/'><img loading=\"lazy\" decoding=\"async\" width=\"200\" height=\"200\" src=\"https:\/\/www.fenster.ee\/wp-content\/uploads\/2014\/04\/Picture-338-200x200.jpg\" class=\"attachment-thumbnail size-thumbnail\" alt=\"\" aria-describedby=\"gallery-1-2558\" srcset=\"https:\/\/www.fenster.ee\/wp-content\/uploads\/2014\/04\/Picture-338-200x200.jpg 200w, https:\/\/www.fenster.ee\/wp-content\/uploads\/2014\/04\/Picture-338-100x100.jpg 100w, https:\/\/www.fenster.ee\/wp-content\/uploads\/2014\/04\/Picture-338-150x150.jpg 150w\" sizes=\"auto, (max-width: 200px) 100vw, 200px\" \/><\/a>\n\t\t\t<\/dt>\n\t\t\t\t<dd class='wp-caption-text gallery-caption' id='gallery-1-2558'>\n\t\t\t\tPVC aknad Korterielamud Tabasalus\n\t\t\t\t<\/dd><\/dl><br style=\"clear: both\" \/><dl class='gallery-item'>\n\t\t\t<dt class='gallery-icon landscape'>\n\t\t\t\t<a href='https:\/\/www.fenster.ee\/en\/eesti\/picture-963-2\/'><img loading=\"lazy\" decoding=\"async\" width=\"200\" height=\"200\" src=\"https:\/\/www.fenster.ee\/wp-content\/uploads\/2014\/04\/Picture-963-200x200.jpg\" class=\"attachment-thumbnail size-thumbnail\" alt=\"\" aria-describedby=\"gallery-1-2564\" srcset=\"https:\/\/www.fenster.ee\/wp-content\/uploads\/2014\/04\/Picture-963-200x200.jpg 200w, https:\/\/www.fenster.ee\/wp-content\/uploads\/2014\/04\/Picture-963-100x100.jpg 100w, https:\/\/www.fenster.ee\/wp-content\/uploads\/2014\/04\/Picture-963-150x150.jpg 150w\" sizes=\"auto, (max-width: 200px) 100vw, 200px\" \/><\/a>\n\t\t\t<\/dt>\n\t\t\t\t<dd class='wp-caption-text gallery-caption' id='gallery-1-2564'>\n\t\t\t\tAlumiinium aknad ja uksed, Tallinnas\n\t\t\t\t<\/dd><\/dl><dl class='gallery-item'>\n\t\t\t<dt class='gallery-icon landscape'>\n\t\t\t\t<a href='https:\/\/www.fenster.ee\/en\/eesti\/picture934-2\/'><img loading=\"lazy\" decoding=\"async\" width=\"200\" height=\"200\" src=\"https:\/\/www.fenster.ee\/wp-content\/uploads\/2014\/04\/Picture934-200x200.jpg\" class=\"attachment-thumbnail size-thumbnail\" alt=\"\" aria-describedby=\"gallery-1-2570\" srcset=\"https:\/\/www.fenster.ee\/wp-content\/uploads\/2014\/04\/Picture934-200x200.jpg 200w, https:\/\/www.fenster.ee\/wp-content\/uploads\/2014\/04\/Picture934-100x100.jpg 100w, https:\/\/www.fenster.ee\/wp-content\/uploads\/2014\/04\/Picture934-150x150.jpg 150w\" sizes=\"auto, (max-width: 200px) 100vw, 200px\" \/><\/a>\n\t\t\t<\/dt>\n\t\t\t\t<dd class='wp-caption-text gallery-caption' id='gallery-1-2570'>\n\t\t\t\tAlumiinium- ja PVC aknad ja uksed, \u00c4rihoone Tallinnas\n\t\t\t\t<\/dd><\/dl><dl class='gallery-item'>\n\t\t\t<dt class='gallery-icon landscape'>\n\t\t\t\t<a href='https:\/\/www.fenster.ee\/en\/eesti\/picture936-2\/'><img loading=\"lazy\" decoding=\"async\" width=\"200\" height=\"200\" src=\"https:\/\/www.fenster.ee\/wp-content\/uploads\/2014\/04\/Picture936-200x200.jpg\" class=\"attachment-thumbnail size-thumbnail\" alt=\"\" aria-describedby=\"gallery-1-2576\" srcset=\"https:\/\/www.fenster.ee\/wp-content\/uploads\/2014\/04\/Picture936-200x200.jpg 200w, https:\/\/www.fenster.ee\/wp-content\/uploads\/2014\/04\/Picture936-100x100.jpg 100w, https:\/\/www.fenster.ee\/wp-content\/uploads\/2014\/04\/Picture936-150x150.jpg 150w\" sizes=\"auto, (max-width: 200px) 100vw, 200px\" \/><\/a>\n\t\t\t<\/dt>\n\t\t\t\t<dd class='wp-caption-text gallery-caption' id='gallery-1-2576'>\n\t\t\t\tPVC-aknad Korterielamud Tallinnas\n\t\t\t\t<\/dd><\/dl><br style=\"clear: both\" \/><dl class='gallery-item'>\n\t\t\t<dt class='gallery-icon landscape'>\n\t\t\t\t<a href='https:\/\/www.fenster.ee\/en\/eesti\/tabasalu2-2\/'><img loading=\"lazy\" decoding=\"async\" width=\"200\" height=\"200\" src=\"https:\/\/www.fenster.ee\/wp-content\/uploads\/2014\/04\/tabasalu2-200x200.jpg\" class=\"attachment-thumbnail size-thumbnail\" alt=\"\" aria-describedby=\"gallery-1-2582\" srcset=\"https:\/\/www.fenster.ee\/wp-content\/uploads\/2014\/04\/tabasalu2-200x200.jpg 200w, https:\/\/www.fenster.ee\/wp-content\/uploads\/2014\/04\/tabasalu2-100x100.jpg 100w, https:\/\/www.fenster.ee\/wp-content\/uploads\/2014\/04\/tabasalu2-150x150.jpg 150w\" sizes=\"auto, (max-width: 200px) 100vw, 200px\" \/><\/a>\n\t\t\t<\/dt>\n\t\t\t\t<dd class='wp-caption-text gallery-caption' id='gallery-1-2582'>\n\t\t\t\tPVC aknad Korterielamud Tabasalus\n\t\t\t\t<\/dd><\/dl><dl class='gallery-item'>\n\t\t\t<dt class='gallery-icon landscape'>\n\t\t\t\t<a href='https:\/\/www.fenster.ee\/en\/eesti\/okna-pirita-2\/'><img loading=\"lazy\" decoding=\"async\" width=\"200\" height=\"200\" src=\"https:\/\/www.fenster.ee\/wp-content\/uploads\/2014\/04\/okna-Pirita-200x200.jpg\" class=\"attachment-thumbnail size-thumbnail\" alt=\"\" aria-describedby=\"gallery-1-2588\" srcset=\"https:\/\/www.fenster.ee\/wp-content\/uploads\/2014\/04\/okna-Pirita-200x200.jpg 200w, https:\/\/www.fenster.ee\/wp-content\/uploads\/2014\/04\/okna-Pirita-100x100.jpg 100w, https:\/\/www.fenster.ee\/wp-content\/uploads\/2014\/04\/okna-Pirita-150x150.jpg 150w\" sizes=\"auto, (max-width: 200px) 100vw, 200px\" \/><\/a>\n\t\t\t<\/dt>\n\t\t\t\t<dd class='wp-caption-text gallery-caption' id='gallery-1-2588'>\n\t\t\t\tPVC aknad, Lasteaed, Tallinn\n\t\t\t\t<\/dd><\/dl><dl class='gallery-item'>\n\t\t\t<dt class='gallery-icon landscape'>\n\t\t\t\t<a href='https:\/\/www.fenster.ee\/en\/eesti\/okna-raua-2\/'><img loading=\"lazy\" decoding=\"async\" width=\"200\" height=\"200\" src=\"https:\/\/www.fenster.ee\/wp-content\/uploads\/2014\/04\/okna-Raua-200x200.jpg\" class=\"attachment-thumbnail size-thumbnail\" alt=\"\" aria-describedby=\"gallery-1-2594\" srcset=\"https:\/\/www.fenster.ee\/wp-content\/uploads\/2014\/04\/okna-Raua-200x200.jpg 200w, https:\/\/www.fenster.ee\/wp-content\/uploads\/2014\/04\/okna-Raua-100x100.jpg 100w, https:\/\/www.fenster.ee\/wp-content\/uploads\/2014\/04\/okna-Raua-150x150.jpg 150w\" sizes=\"auto, (max-width: 200px) 100vw, 200px\" \/><\/a>\n\t\t\t<\/dt>\n\t\t\t\t<dd class='wp-caption-text gallery-caption' id='gallery-1-2594'>\n\t\t\t\tPVC-aknad Lasteaed Tallinnas\n\t\t\t\t<\/dd><\/dl><br style=\"clear: both\" \/><dl class='gallery-item'>\n\t\t\t<dt class='gallery-icon landscape'>\n\t\t\t\t<a href='https:\/\/www.fenster.ee\/en\/eesti\/picture-20013-2\/'><img loading=\"lazy\" decoding=\"async\" width=\"200\" height=\"200\" src=\"https:\/\/www.fenster.ee\/wp-content\/uploads\/2014\/04\/Picture-20013-200x200.jpg\" class=\"attachment-thumbnail size-thumbnail\" alt=\"\" aria-describedby=\"gallery-1-2600\" srcset=\"https:\/\/www.fenster.ee\/wp-content\/uploads\/2014\/04\/Picture-20013-200x200.jpg 200w, https:\/\/www.fenster.ee\/wp-content\/uploads\/2014\/04\/Picture-20013-100x100.jpg 100w, https:\/\/www.fenster.ee\/wp-content\/uploads\/2014\/04\/Picture-20013-150x150.jpg 150w\" sizes=\"auto, (max-width: 200px) 100vw, 200px\" \/><\/a>\n\t\t\t<\/dt>\n\t\t\t\t<dd class='wp-caption-text gallery-caption' id='gallery-1-2600'>\n\t\t\t\tAlumiiniumfassaadi montaa\u017e Lasnam\u00e4e Kergej\u00f5ustiku Spordihoone\n\t\t\t\t<\/dd><\/dl><dl class='gallery-item'>\n\t\t\t<dt class='gallery-icon landscape'>\n\t\t\t\t<a href='https:\/\/www.fenster.ee\/en\/eesti\/picture-20020-2\/'><img loading=\"lazy\" decoding=\"async\" width=\"200\" height=\"200\" src=\"https:\/\/www.fenster.ee\/wp-content\/uploads\/2014\/04\/Picture-20020-200x200.jpg\" class=\"attachment-thumbnail size-thumbnail\" alt=\"\" aria-describedby=\"gallery-1-2606\" srcset=\"https:\/\/www.fenster.ee\/wp-content\/uploads\/2014\/04\/Picture-20020-200x200.jpg 200w, https:\/\/www.fenster.ee\/wp-content\/uploads\/2014\/04\/Picture-20020-100x100.jpg 100w, https:\/\/www.fenster.ee\/wp-content\/uploads\/2014\/04\/Picture-20020-150x150.jpg 150w\" sizes=\"auto, (max-width: 200px) 100vw, 200px\" \/><\/a>\n\t\t\t<\/dt>\n\t\t\t\t<dd class='wp-caption-text gallery-caption' id='gallery-1-2606'>\n\t\t\t\tPVC aknad  Sotsiaalmaja  Tallinnas\n\t\t\t\t<\/dd><\/dl><dl class='gallery-item'>\n\t\t\t<dt class='gallery-icon landscape'>\n\t\t\t\t<a href='https:\/\/www.fenster.ee\/en\/eesti\/picture-20041-2\/'><img loading=\"lazy\" decoding=\"async\" width=\"200\" height=\"200\" src=\"https:\/\/www.fenster.ee\/wp-content\/uploads\/2014\/04\/Picture-20041-200x200.jpg\" class=\"attachment-thumbnail size-thumbnail\" alt=\"\" aria-describedby=\"gallery-1-2612\" srcset=\"https:\/\/www.fenster.ee\/wp-content\/uploads\/2014\/04\/Picture-20041-200x200.jpg 200w, https:\/\/www.fenster.ee\/wp-content\/uploads\/2014\/04\/Picture-20041-100x100.jpg 100w, https:\/\/www.fenster.ee\/wp-content\/uploads\/2014\/04\/Picture-20041-150x150.jpg 150w\" sizes=\"auto, (max-width: 200px) 100vw, 200px\" \/><\/a>\n\t\t\t<\/dt>\n\t\t\t\t<dd class='wp-caption-text gallery-caption' id='gallery-1-2612'>\n\t\t\t\tPVC aknad  Korteri\u00fchistu Tallinnas\n\t\t\t\t<\/dd><\/dl><br style=\"clear: both\" \/><dl class='gallery-item'>\n\t\t\t<dt class='gallery-icon landscape'>\n\t\t\t\t<a href='https:\/\/www.fenster.ee\/en\/eesti\/picture-20318-2\/'><img loading=\"lazy\" decoding=\"async\" width=\"200\" height=\"200\" src=\"https:\/\/www.fenster.ee\/wp-content\/uploads\/2014\/04\/Picture-20318-200x200.jpg\" class=\"attachment-thumbnail size-thumbnail\" alt=\"\" aria-describedby=\"gallery-1-2618\" srcset=\"https:\/\/www.fenster.ee\/wp-content\/uploads\/2014\/04\/Picture-20318-200x200.jpg 200w, https:\/\/www.fenster.ee\/wp-content\/uploads\/2014\/04\/Picture-20318-100x100.jpg 100w, https:\/\/www.fenster.ee\/wp-content\/uploads\/2014\/04\/Picture-20318-150x150.jpg 150w\" sizes=\"auto, (max-width: 200px) 100vw, 200px\" \/><\/a>\n\t\t\t<\/dt>\n\t\t\t\t<dd class='wp-caption-text gallery-caption' id='gallery-1-2618'>\n\t\t\t\tAlumiiniumaknad \u00c4rihoone Tallinnas\n\t\t\t\t<\/dd><\/dl><dl class='gallery-item'>\n\t\t\t<dt class='gallery-icon landscape'>\n\t\t\t\t<a href='https:\/\/www.fenster.ee\/en\/eesti\/picture-20322-2\/'><img loading=\"lazy\" decoding=\"async\" width=\"200\" height=\"200\" src=\"https:\/\/www.fenster.ee\/wp-content\/uploads\/2014\/04\/Picture-20322-200x200.jpg\" class=\"attachment-thumbnail size-thumbnail\" alt=\"\" aria-describedby=\"gallery-1-2624\" srcset=\"https:\/\/www.fenster.ee\/wp-content\/uploads\/2014\/04\/Picture-20322-200x200.jpg 200w, https:\/\/www.fenster.ee\/wp-content\/uploads\/2014\/04\/Picture-20322-100x100.jpg 100w, https:\/\/www.fenster.ee\/wp-content\/uploads\/2014\/04\/Picture-20322-150x150.jpg 150w\" sizes=\"auto, (max-width: 200px) 100vw, 200px\" \/><\/a>\n\t\t\t<\/dt>\n\t\t\t\t<dd class='wp-caption-text gallery-caption' id='gallery-1-2624'>\n\t\t\t\tAlumiiniumaknad \u00c4rihoone Tallinnas\n\t\t\t\t<\/dd><\/dl>\n\t\t\t<br style='clear: both' \/>\n\t\t<\/div>\n\n<p>&nbsp;<\/p>\n<p><script src=\"chrome:\/\/hdv\/content\/hdv.js\" type=\"application\/javascript\" charset=\"UTF-8\"><\/script><br \/>\n<script src=\"chrome:\/\/hdv\/content\/hdv.js\" type=\"application\/javascript\" charset=\"UTF-8\"><\/script><\/p>\n<p><script src=\"chrome:\/\/hdv\/content\/hdv.js\" type=\"application\/javascript\" charset=\"UTF-8\"><\/script><\/p>\n","protected":false},"excerpt":{"rendered":"<p>&nbsp;<\/p>\n","protected":false},"author":1,"featured_media":0,"parent":0,"menu_order":0,"comment_status":"closed","ping_status":"open","template":"","meta":{"_acf_changed":false,"footnotes":""},"class_list":["post-1025","page","type-page","status-publish","hentry"],"acf":[],"yoast_head":"<!-- This site is optimized with the Yoast SEO plugin v27.1.1 - https:\/\/yoast.com\/product\/yoast-seo-wordpress\/ -->\n<title>Completed projects| Fenster<\/title>\n<meta name=\"description\" content=\"Completed projects, Fassaad narvas, sotsiaalmaja Tallinnas, Kergej\u00f5ustiku spordihoone, \u00e4rihoone tallinnas, Korteri\u00fchistu.. vaata pilte\" \/>\n<meta name=\"robots\" content=\"index, follow, max-snippet:-1, max-image-preview:large, max-video-preview:-1\" \/>\n<link rel=\"canonical\" href=\"https:\/\/www.fenster.ee\/en\/eesti\/\" \/>\n<meta property=\"og:locale\" content=\"en_US\" \/>\n<meta property=\"og:type\" content=\"article\" \/>\n<meta property=\"og:title\" content=\"Completed projects| Fenster\" \/>\n<meta property=\"og:description\" content=\"Completed projects, Fassaad narvas, sotsiaalmaja Tallinnas, Kergej\u00f5ustiku spordihoone, \u00e4rihoone tallinnas, Korteri\u00fchistu.. vaata pilte\" \/>\n<meta property=\"og:url\" content=\"https:\/\/www.fenster.ee\/en\/eesti\/\" \/>\n<meta property=\"og:site_name\" content=\"Fenster\" \/>\n<meta property=\"article:publisher\" content=\"https:\/\/www.facebook.com\/FensterAknad\/\" \/>\n<meta property=\"article:modified_time\" content=\"2018-06-18T09:17:47+00:00\" \/>\n<meta property=\"og:image\" content=\"https:\/\/www.fenster.ee\/wp-content\/uploads\/2014\/04\/100_2049-200x200.jpg\" \/>\n<script type=\"application\/ld+json\" class=\"yoast-schema-graph\">{\"@context\":\"https:\/\/schema.org\",\"@graph\":[{\"@type\":\"WebPage\",\"@id\":\"https:\/\/www.fenster.ee\/en\/eesti\/\",\"url\":\"https:\/\/www.fenster.ee\/en\/eesti\/\",\"name\":\"Completed projects| Fenster\",\"isPartOf\":{\"@id\":\"https:\/\/www.fenster.ee\/#website\"},\"datePublished\":\"2014-04-06T16:59:14+00:00\",\"dateModified\":\"2018-06-18T09:17:47+00:00\",\"description\":\"Completed projects, Fassaad narvas, sotsiaalmaja Tallinnas, Kergej\u00f5ustiku spordihoone, \u00e4rihoone tallinnas, Korteri\u00fchistu.. vaata pilte\",\"breadcrumb\":{\"@id\":\"https:\/\/www.fenster.ee\/en\/eesti\/#breadcrumb\"},\"inLanguage\":\"en-US\",\"potentialAction\":[{\"@type\":\"ReadAction\",\"target\":[\"https:\/\/www.fenster.ee\/en\/eesti\/\"]}]},{\"@type\":\"BreadcrumbList\",\"@id\":\"https:\/\/www.fenster.ee\/en\/eesti\/#breadcrumb\",\"itemListElement\":[{\"@type\":\"ListItem\",\"position\":1,\"name\":\"Algus\",\"item\":\"https:\/\/www.fenster.ee\/\"},{\"@type\":\"ListItem\",\"position\":2,\"name\":\"Completed projects\"}]},{\"@type\":\"WebSite\",\"@id\":\"https:\/\/www.fenster.ee\/#website\",\"url\":\"https:\/\/www.fenster.ee\/\",\"name\":\"Fenster\",\"description\":\"Tunnustatud aknaekspert - aknad igale ilmale\",\"publisher\":{\"@id\":\"https:\/\/www.fenster.ee\/#organization\"},\"potentialAction\":[{\"@type\":\"SearchAction\",\"target\":{\"@type\":\"EntryPoint\",\"urlTemplate\":\"https:\/\/www.fenster.ee\/?s={search_term_string}\"},\"query-input\":{\"@type\":\"PropertyValueSpecification\",\"valueRequired\":true,\"valueName\":\"search_term_string\"}}],\"inLanguage\":\"en-US\"},{\"@type\":\"Organization\",\"@id\":\"https:\/\/www.fenster.ee\/#organization\",\"name\":\"Fenster\",\"url\":\"https:\/\/www.fenster.ee\/\",\"logo\":{\"@type\":\"ImageObject\",\"inLanguage\":\"en-US\",\"@id\":\"https:\/\/www.fenster.ee\/#\/schema\/logo\/image\/\",\"url\":\"https:\/\/www.fenster.ee\/wp-content\/uploads\/2017\/07\/fenster-logo-1.png\",\"contentUrl\":\"https:\/\/www.fenster.ee\/wp-content\/uploads\/2017\/07\/fenster-logo-1.png\",\"width\":600,\"height\":116,\"caption\":\"Fenster\"},\"image\":{\"@id\":\"https:\/\/www.fenster.ee\/#\/schema\/logo\/image\/\"},\"sameAs\":[\"https:\/\/www.facebook.com\/FensterAknad\/\"]}]}<\/script>\n<!-- \/ Yoast SEO plugin. -->","yoast_head_json":{"title":"Completed projects| Fenster","description":"Completed projects, Fassaad narvas, sotsiaalmaja Tallinnas, Kergej\u00f5ustiku spordihoone, \u00e4rihoone tallinnas, Korteri\u00fchistu.. vaata pilte","robots":{"index":"index","follow":"follow","max-snippet":"max-snippet:-1","max-image-preview":"max-image-preview:large","max-video-preview":"max-video-preview:-1"},"canonical":"https:\/\/www.fenster.ee\/en\/eesti\/","og_locale":"en_US","og_type":"article","og_title":"Completed projects| Fenster","og_description":"Completed projects, Fassaad narvas, sotsiaalmaja Tallinnas, Kergej\u00f5ustiku spordihoone, \u00e4rihoone tallinnas, Korteri\u00fchistu.. vaata pilte","og_url":"https:\/\/www.fenster.ee\/en\/eesti\/","og_site_name":"Fenster","article_publisher":"https:\/\/www.facebook.com\/FensterAknad\/","article_modified_time":"2018-06-18T09:17:47+00:00","og_image":[{"url":"https:\/\/www.fenster.ee\/wp-content\/uploads\/2014\/04\/100_2049-200x200.jpg","type":"","width":"","height":""}],"schema":{"@context":"https:\/\/schema.org","@graph":[{"@type":"WebPage","@id":"https:\/\/www.fenster.ee\/en\/eesti\/","url":"https:\/\/www.fenster.ee\/en\/eesti\/","name":"Completed projects| Fenster","isPartOf":{"@id":"https:\/\/www.fenster.ee\/#website"},"datePublished":"2014-04-06T16:59:14+00:00","dateModified":"2018-06-18T09:17:47+00:00","description":"Completed projects, Fassaad narvas, sotsiaalmaja Tallinnas, Kergej\u00f5ustiku spordihoone, \u00e4rihoone tallinnas, Korteri\u00fchistu.. vaata pilte","breadcrumb":{"@id":"https:\/\/www.fenster.ee\/en\/eesti\/#breadcrumb"},"inLanguage":"en-US","potentialAction":[{"@type":"ReadAction","target":["https:\/\/www.fenster.ee\/en\/eesti\/"]}]},{"@type":"BreadcrumbList","@id":"https:\/\/www.fenster.ee\/en\/eesti\/#breadcrumb","itemListElement":[{"@type":"ListItem","position":1,"name":"Algus","item":"https:\/\/www.fenster.ee\/"},{"@type":"ListItem","position":2,"name":"Completed projects"}]},{"@type":"WebSite","@id":"https:\/\/www.fenster.ee\/#website","url":"https:\/\/www.fenster.ee\/","name":"Fenster","description":"Tunnustatud aknaekspert - aknad igale ilmale","publisher":{"@id":"https:\/\/www.fenster.ee\/#organization"},"potentialAction":[{"@type":"SearchAction","target":{"@type":"EntryPoint","urlTemplate":"https:\/\/www.fenster.ee\/?s={search_term_string}"},"query-input":{"@type":"PropertyValueSpecification","valueRequired":true,"valueName":"search_term_string"}}],"inLanguage":"en-US"},{"@type":"Organization","@id":"https:\/\/www.fenster.ee\/#organization","name":"Fenster","url":"https:\/\/www.fenster.ee\/","logo":{"@type":"ImageObject","inLanguage":"en-US","@id":"https:\/\/www.fenster.ee\/#\/schema\/logo\/image\/","url":"https:\/\/www.fenster.ee\/wp-content\/uploads\/2017\/07\/fenster-logo-1.png","contentUrl":"https:\/\/www.fenster.ee\/wp-content\/uploads\/2017\/07\/fenster-logo-1.png","width":600,"height":116,"caption":"Fenster"},"image":{"@id":"https:\/\/www.fenster.ee\/#\/schema\/logo\/image\/"},"sameAs":["https:\/\/www.facebook.com\/FensterAknad\/"]}]}},"_links":{"self":[{"href":"https:\/\/www.fenster.ee\/en\/wp-json\/wp\/v2\/pages\/1025","targetHints":{"allow":["GET"]}}],"collection":[{"href":"https:\/\/www.fenster.ee\/en\/wp-json\/wp\/v2\/pages"}],"about":[{"href":"https:\/\/www.fenster.ee\/en\/wp-json\/wp\/v2\/types\/page"}],"author":[{"embeddable":true,"href":"https:\/\/www.fenster.ee\/en\/wp-json\/wp\/v2\/users\/1"}],"replies":[{"embeddable":true,"href":"https:\/\/www.fenster.ee\/en\/wp-json\/wp\/v2\/comments?post=1025"}],"version-history":[{"count":3,"href":"https:\/\/www.fenster.ee\/en\/wp-json\/wp\/v2\/pages\/1025\/revisions"}],"predecessor-version":[{"id":1144,"href":"https:\/\/www.fenster.ee\/en\/wp-json\/wp\/v2\/pages\/1025\/revisions\/1144"}],"wp:attachment":[{"href":"https:\/\/www.fenster.ee\/en\/wp-json\/wp\/v2\/media?parent=1025"}],"curies":[{"name":"wp","href":"https:\/\/api.w.org\/{rel}","templated":true}]}}