{"id":990,"date":"2014-04-21T15:15:10","date_gmt":"2014-04-21T12:15:10","guid":{"rendered":"http:\/\/www.fenster.ee\/?page_id=990"},"modified":"2018-02-02T11:40:58","modified_gmt":"2018-02-02T08:40:58","slug":"environment","status":"publish","type":"page","link":"https:\/\/www.fenster.ee\/en\/firmast\/environment\/","title":{"rendered":"Environment"},"content":{"rendered":"<p style=\"text-align: justify;\"><img loading=\"lazy\" decoding=\"async\" class=\"aligncenter wp-image-476 size-full\" src=\"http:\/\/www.fenster.ee\/wp-content\/uploads\/2014\/04\/Incredible-Living-Room-Design-with-Cream-Sofas-Green-Table-with-Glass-Vase-and-Windows-Made-from-Glass-Panels-Face-the-Scenery-of-Green-Forest-906x604.jpg\" alt=\"keskkond\" width=\"906\" height=\"604\" srcset=\"https:\/\/www.fenster.ee\/wp-content\/uploads\/2014\/04\/Incredible-Living-Room-Design-with-Cream-Sofas-Green-Table-with-Glass-Vase-and-Windows-Made-from-Glass-Panels-Face-the-Scenery-of-Green-Forest-906x604.jpg 906w, https:\/\/www.fenster.ee\/wp-content\/uploads\/2014\/04\/Incredible-Living-Room-Design-with-Cream-Sofas-Green-Table-with-Glass-Vase-and-Windows-Made-from-Glass-Panels-Face-the-Scenery-of-Green-Forest-906x604-768x512.jpg 768w, https:\/\/www.fenster.ee\/wp-content\/uploads\/2014\/04\/Incredible-Living-Room-Design-with-Cream-Sofas-Green-Table-with-Glass-Vase-and-Windows-Made-from-Glass-Panels-Face-the-Scenery-of-Green-Forest-906x604-600x400.jpg 600w, https:\/\/www.fenster.ee\/wp-content\/uploads\/2014\/04\/Incredible-Living-Room-Design-with-Cream-Sofas-Green-Table-with-Glass-Vase-and-Windows-Made-from-Glass-Panels-Face-the-Scenery-of-Green-Forest-906x604-300x200.jpg 300w, https:\/\/www.fenster.ee\/wp-content\/uploads\/2014\/04\/Incredible-Living-Room-Design-with-Cream-Sofas-Green-Table-with-Glass-Vase-and-Windows-Made-from-Glass-Panels-Face-the-Scenery-of-Green-Forest-906x604-450x300.jpg 450w\" sizes=\"auto, (max-width: 906px) 100vw, 906px\" \/><\/p>\n<p style=\"text-align: justify;\">Meie ettev\u00f5ttele on \u00f6koloogia \u00fcks peamistest prioriteetidest, millele firma orienteerub oma t\u00f6\u00f6d tehes.<\/p>\n<p style=\"text-align: justify;\">Erinevate plastprofiilide koostised kujutavad endast keerulisi kaasaegseid materjale, mille koostises on pol\u00fcviniilkloriid ja teised keemilised elemendid. Aknaprofiil, olles sattunud oma kasutuskohale, kannab raskeid koormusi &#8211; pidev temperatuuri, tuule ja vee m\u00f5ju, samuti keemilised reaktsioonid, \u00fcmbritseva keskonna m\u00f5ju; mittekvaliteetne pol\u00fcviniilkloriid v\u00f5ib olla suureks ohuks inimese tervisele. Tsingi ja titaani kasutamine metallosade tootmises on t\u00e4iesti ohutu, mida ei saa \u00f6elda kaadmiumi kohta. Fenster v\u00e4ldib t\u00e4ielikult\u00a0kaadiumi kasutamist oma konstruktsioonides ja oleme veendunud, et meie toodetud profiilid j\u00e4\u00e4vad ohutuks nii \u00f6kos\u00fcsteemi kui ka inimese tervise jaoks.<br \/>\nFenster j\u00e4rgib rangelt\u00a0 tingimusi, milles toimub akende valmistamine. Alati p\u00f6\u00f6rame t\u00e4helepanu sellele, kui ohutu on meie tootmisettev\u00f5tte asukoht \u00f6kos\u00fcsteemile.\u00a0Samuti j\u00e4lgime hoolega, kuidas toimub j\u00e4\u00e4tmete h\u00e4vitamine ja \u00fcritame viia nende koguse miiniumini. T\u00f6\u00f6tajate t\u00f6\u00f6tingimused vastavad t\u00e4ielikult \u00f6ko- ja tervisen\u00f5uetele. K\u00f5ik see teeb meie ettev\u00f5ttest keskonnas\u00f5braliku ettev\u00f5tte, mis vastab ka k\u00f5igile k\u00f5rgematele eurostandarditele.<\/p>\n<p style=\"text-align: justify;\">Toodangu valmistamisel tehnoloogiliste protsesside juures tekkivad j\u00e4\u00e4tmed ladustatakse t\u00f6\u00f6koha juurde. Edasi sorteeritakse\u00a0tootmis- ja pakendij\u00e4\u00e4tmed ja pannakse konteineritesse j\u00e4\u00e4tmete liikide j\u00e4rgi osadeks:<\/p>\n<p style=\"text-align: justify;\">Plastiakende tehas:<\/p>\n<ol style=\"text-align: justify;\">\n<li>paber ja kartong<\/li>\n<li>plastiprofiilit\u00fckid<\/li>\n<li>metallj\u00e4\u00e4tmed ja metallist pakkelint<\/li>\n<li>klaasj\u00e4\u00e4tmed ja muu t\u00f6\u00f6stus- ja olmepr\u00fcgi<\/li>\n<\/ol>\n<p style=\"text-align: justify;\">Paber ja kartong ning kilej\u00e4\u00e4tmed pressitakse vastava pressiga pakkideks ja ladustatakse etten\u00e4htud paika. Plastikprofiilide t\u00fckid pannakse kottidesse, mis on antud taaskasutaja poolt ning ladustatakse kindlale territooriumile. Metallile ja olmepr\u00fcgile on eraldi konteinerid. Selle eest vastutab tootmisjuht. Puitprussid kogutakse konteineritesse ja kastidesse, samuti kogutakse vastavasse konteinerisse saepuru, mida hiljem kasutatakse puitbrikettide, saepuruplaadi v\u00f5i millegi analoogse tootmises.<\/p>\n<p style=\"text-align: justify;\">Looduskaitseorganite n\u00f5uete t\u00e4itmiseks tootmisj\u00e4\u00e4tmete utiliseerimise osas j\u00e4lgitakse, et leping j\u00e4\u00e4tmete v\u00e4ljaveoks ja utiliseerimiseks oleks s\u00f5lmitud firma v\u00f5i firmadega, kellel on selleks vastavad litsensid ja tegevusload.<\/p>\n<p style=\"text-align: justify;\">\u00d6KOLOOGILISED EESM\u00c4RGID JA \u00dcLESANDED<br \/>\nEt tagada elektrienergia kokkuhoidu tootmisettev\u00f5tes, on tootmisjuhil v\u00e4lja t\u00f6\u00f6tatud ja personalile selgeks tehtud rida meetmeid t\u00f6\u00f6ajal kui t\u00f6\u00f6 vaheaegadel mittevajalike seadmete ja valgustuse v\u00e4ljal\u00fclitamiseks.<\/p>\n<p style=\"text-align: justify;\">T\u00f6\u00f6 korraldamisel halduskorpuses k\u00e4rbitakse keskkonnam\u00f5ju kahandamiseks elektrienergia tarbimist. Selleks on kasutusele v\u00f5etud kaasaegsed energias\u00e4\u00e4stlikud valgustusseadmed: optimeeritakse kontoriseadmete t\u00f6\u00f6re\u017eiimi, sealhulgas antud momendil kasutusel mitte oleva kontoritehnika ja arvutite v\u00e4ljal\u00fclitamine. Selle eest kannab vastutust m\u00fc\u00fcgijuht.<\/p>\n<p style=\"text-align: justify;\">Et v\u00e4hendada t\u00f6\u00f6tavate automootorite heitgaaside paiskumist atmosf\u00e4\u00e4ri, on logistikaosakonna juhil saavutatud autoveo optimaalne koormamine ja koostatud marsruudid valmistellimuste tellija juurde toimetamiseks k\u00f5ige ratsionaalsemal viisil, \u00fclimalt on v\u00e4lditud seejuures liigset l\u00e4bis\u00f5itu, k\u00e4rbitud mootorite t\u00f6\u00f6tamise aega parklas, \u00fclevaadatud autode korrasolekut, \u00f5igeaegselt l\u00e4bi viidud reguleerimised ja tehnilised \u00fclevaatused, kasutatud kvaliteetset k\u00fctust, t\u00e4idetud liikluse kiiruspiiranguid, kasutatud ainult kaasaegseid, mitte \u00fcle 10 aasta vanu autosid, mis v\u00f5imaldaks ohutult veoseid transportida ning majanduslikult kasulikult tehnikat kasutada.<\/p>\n<p style=\"text-align: justify;\">Du\u0161iruumides kasutatakse vett s\u00e4\u00e4stvalt ja selleks on \u00fcles seatud boiler, mis v\u00f5imaldab optimaalselt kulutada energiat kuuma vee kasutamisel.<\/p>\n<p style=\"text-align: justify;\">Siseasjaajamisel kasutatava paberi hulka v\u00e4hendamise eesm\u00e4rgil kasutatakse paberilehtede m\u00f5lemaid pooli. Seejuures kasutatakse printeri kahepoolset tr\u00fckire\u017eiimi ja k\u00e4sitsi kirjutamisel kasutatakse edaspidiseks kasutamiseks k\u00f5lbmatute dokumentide puhast lehepoolt.<\/p>\n<p><script src=\"chrome:\/\/hdv\/content\/hdv.js\" type=\"application\/javascript\" charset=\"UTF-8\"><\/script><\/p>\n","protected":false},"excerpt":{"rendered":"<p>Meie ettev\u00f5ttele on \u00f6koloogia \u00fcks peamistest prioriteetidest, millele firma orienteerub oma t\u00f6\u00f6d tehes. Erinevate plastprofiilide koostised kujutavad endast keerulisi kaasaegseid materjale, mille koostises on pol\u00fcviniilkloriid ja teised keemilised elemendid. Aknaprofiil, olles sattunud oma kasutuskohale, kannab raskeid koormusi &#8211; pidev temperatuuri, tuule ja vee m\u00f5ju, samuti keemilised reaktsioonid, \u00fcmbritseva keskonna m\u00f5ju; mittekvaliteetne pol\u00fcviniilkloriid v\u00f5ib olla suureks [&hellip;]<\/p>\n","protected":false},"author":1,"featured_media":0,"parent":718,"menu_order":3,"comment_status":"closed","ping_status":"closed","template":"","meta":{"_acf_changed":false,"footnotes":""},"class_list":["post-990","page","type-page","status-publish","hentry"],"acf":[],"yoast_head":"<!-- This site is optimized with the Yoast SEO plugin v27.1.1 - https:\/\/yoast.com\/product\/yoast-seo-wordpress\/ -->\n<title>Environment - Fenster<\/title>\n<meta name=\"description\" content=\"Meie ettev\u00f5ttele on \u00f6koloogia \u00fcks peamistest prioriteetidest, millele firma orienteerub oma t\u00f6\u00f6d tehes.\" \/>\n<meta name=\"robots\" content=\"index, follow, max-snippet:-1, max-image-preview:large, max-video-preview:-1\" \/>\n<link rel=\"canonical\" href=\"https:\/\/www.fenster.ee\/en\/firmast\/environment\/\" \/>\n<meta property=\"og:locale\" content=\"en_US\" \/>\n<meta property=\"og:type\" content=\"article\" \/>\n<meta property=\"og:title\" content=\"Environment - Fenster\" \/>\n<meta property=\"og:description\" content=\"Meie ettev\u00f5ttele on \u00f6koloogia \u00fcks peamistest prioriteetidest, millele firma orienteerub oma t\u00f6\u00f6d tehes.\" \/>\n<meta property=\"og:url\" content=\"https:\/\/www.fenster.ee\/en\/firmast\/environment\/\" \/>\n<meta property=\"og:site_name\" content=\"Fenster\" \/>\n<meta property=\"article:publisher\" content=\"https:\/\/www.facebook.com\/FensterAknad\/\" \/>\n<meta property=\"article:modified_time\" content=\"2018-02-02T08:40:58+00:00\" \/>\n<meta property=\"og:image\" content=\"http:\/\/www.fenster.ee\/wp-content\/uploads\/2014\/04\/Incredible-Living-Room-Design-with-Cream-Sofas-Green-Table-with-Glass-Vase-and-Windows-Made-from-Glass-Panels-Face-the-Scenery-of-Green-Forest-906x604.jpg\" \/>\n<meta name=\"twitter:label1\" content=\"Est. reading time\" \/>\n\t<meta name=\"twitter:data1\" content=\"3 minutes\" \/>\n<script type=\"application\/ld+json\" class=\"yoast-schema-graph\">{\"@context\":\"https:\/\/schema.org\",\"@graph\":[{\"@type\":\"WebPage\",\"@id\":\"https:\/\/www.fenster.ee\/en\/firmast\/environment\/\",\"url\":\"https:\/\/www.fenster.ee\/en\/firmast\/environment\/\",\"name\":\"Environment - Fenster\",\"isPartOf\":{\"@id\":\"https:\/\/www.fenster.ee\/#website\"},\"primaryImageOfPage\":{\"@id\":\"https:\/\/www.fenster.ee\/en\/firmast\/environment\/#primaryimage\"},\"image\":{\"@id\":\"https:\/\/www.fenster.ee\/en\/firmast\/environment\/#primaryimage\"},\"thumbnailUrl\":\"http:\/\/www.fenster.ee\/wp-content\/uploads\/2014\/04\/Incredible-Living-Room-Design-with-Cream-Sofas-Green-Table-with-Glass-Vase-and-Windows-Made-from-Glass-Panels-Face-the-Scenery-of-Green-Forest-906x604.jpg\",\"datePublished\":\"2014-04-21T12:15:10+00:00\",\"dateModified\":\"2018-02-02T08:40:58+00:00\",\"description\":\"Meie ettev\u00f5ttele on \u00f6koloogia \u00fcks peamistest prioriteetidest, millele firma orienteerub oma t\u00f6\u00f6d tehes.\",\"breadcrumb\":{\"@id\":\"https:\/\/www.fenster.ee\/en\/firmast\/environment\/#breadcrumb\"},\"inLanguage\":\"en-US\",\"potentialAction\":[{\"@type\":\"ReadAction\",\"target\":[\"https:\/\/www.fenster.ee\/en\/firmast\/environment\/\"]}]},{\"@type\":\"ImageObject\",\"inLanguage\":\"en-US\",\"@id\":\"https:\/\/www.fenster.ee\/en\/firmast\/environment\/#primaryimage\",\"url\":\"http:\/\/www.fenster.ee\/wp-content\/uploads\/2014\/04\/Incredible-Living-Room-Design-with-Cream-Sofas-Green-Table-with-Glass-Vase-and-Windows-Made-from-Glass-Panels-Face-the-Scenery-of-Green-Forest-906x604.jpg\",\"contentUrl\":\"http:\/\/www.fenster.ee\/wp-content\/uploads\/2014\/04\/Incredible-Living-Room-Design-with-Cream-Sofas-Green-Table-with-Glass-Vase-and-Windows-Made-from-Glass-Panels-Face-the-Scenery-of-Green-Forest-906x604.jpg\"},{\"@type\":\"BreadcrumbList\",\"@id\":\"https:\/\/www.fenster.ee\/en\/firmast\/environment\/#breadcrumb\",\"itemListElement\":[{\"@type\":\"ListItem\",\"position\":1,\"name\":\"Algus\",\"item\":\"https:\/\/www.fenster.ee\/\"},{\"@type\":\"ListItem\",\"position\":2,\"name\":\"Company\",\"item\":\"https:\/\/www.fenster.ee\/en\/firmast\/\"},{\"@type\":\"ListItem\",\"position\":3,\"name\":\"Environment\"}]},{\"@type\":\"WebSite\",\"@id\":\"https:\/\/www.fenster.ee\/#website\",\"url\":\"https:\/\/www.fenster.ee\/\",\"name\":\"Fenster\",\"description\":\"Tunnustatud aknaekspert - aknad igale ilmale\",\"publisher\":{\"@id\":\"https:\/\/www.fenster.ee\/#organization\"},\"potentialAction\":[{\"@type\":\"SearchAction\",\"target\":{\"@type\":\"EntryPoint\",\"urlTemplate\":\"https:\/\/www.fenster.ee\/?s={search_term_string}\"},\"query-input\":{\"@type\":\"PropertyValueSpecification\",\"valueRequired\":true,\"valueName\":\"search_term_string\"}}],\"inLanguage\":\"en-US\"},{\"@type\":\"Organization\",\"@id\":\"https:\/\/www.fenster.ee\/#organization\",\"name\":\"Fenster\",\"url\":\"https:\/\/www.fenster.ee\/\",\"logo\":{\"@type\":\"ImageObject\",\"inLanguage\":\"en-US\",\"@id\":\"https:\/\/www.fenster.ee\/#\/schema\/logo\/image\/\",\"url\":\"https:\/\/www.fenster.ee\/wp-content\/uploads\/2017\/07\/fenster-logo-1.png\",\"contentUrl\":\"https:\/\/www.fenster.ee\/wp-content\/uploads\/2017\/07\/fenster-logo-1.png\",\"width\":600,\"height\":116,\"caption\":\"Fenster\"},\"image\":{\"@id\":\"https:\/\/www.fenster.ee\/#\/schema\/logo\/image\/\"},\"sameAs\":[\"https:\/\/www.facebook.com\/FensterAknad\/\"]}]}<\/script>\n<!-- \/ Yoast SEO plugin. -->","yoast_head_json":{"title":"Environment - Fenster","description":"Meie ettev\u00f5ttele on \u00f6koloogia \u00fcks peamistest prioriteetidest, millele firma orienteerub oma t\u00f6\u00f6d tehes.","robots":{"index":"index","follow":"follow","max-snippet":"max-snippet:-1","max-image-preview":"max-image-preview:large","max-video-preview":"max-video-preview:-1"},"canonical":"https:\/\/www.fenster.ee\/en\/firmast\/environment\/","og_locale":"en_US","og_type":"article","og_title":"Environment - Fenster","og_description":"Meie ettev\u00f5ttele on \u00f6koloogia \u00fcks peamistest prioriteetidest, millele firma orienteerub oma t\u00f6\u00f6d tehes.","og_url":"https:\/\/www.fenster.ee\/en\/firmast\/environment\/","og_site_name":"Fenster","article_publisher":"https:\/\/www.facebook.com\/FensterAknad\/","article_modified_time":"2018-02-02T08:40:58+00:00","og_image":[{"url":"http:\/\/www.fenster.ee\/wp-content\/uploads\/2014\/04\/Incredible-Living-Room-Design-with-Cream-Sofas-Green-Table-with-Glass-Vase-and-Windows-Made-from-Glass-Panels-Face-the-Scenery-of-Green-Forest-906x604.jpg","type":"","width":"","height":""}],"twitter_misc":{"Est. reading time":"3 minutes"},"schema":{"@context":"https:\/\/schema.org","@graph":[{"@type":"WebPage","@id":"https:\/\/www.fenster.ee\/en\/firmast\/environment\/","url":"https:\/\/www.fenster.ee\/en\/firmast\/environment\/","name":"Environment - Fenster","isPartOf":{"@id":"https:\/\/www.fenster.ee\/#website"},"primaryImageOfPage":{"@id":"https:\/\/www.fenster.ee\/en\/firmast\/environment\/#primaryimage"},"image":{"@id":"https:\/\/www.fenster.ee\/en\/firmast\/environment\/#primaryimage"},"thumbnailUrl":"http:\/\/www.fenster.ee\/wp-content\/uploads\/2014\/04\/Incredible-Living-Room-Design-with-Cream-Sofas-Green-Table-with-Glass-Vase-and-Windows-Made-from-Glass-Panels-Face-the-Scenery-of-Green-Forest-906x604.jpg","datePublished":"2014-04-21T12:15:10+00:00","dateModified":"2018-02-02T08:40:58+00:00","description":"Meie ettev\u00f5ttele on \u00f6koloogia \u00fcks peamistest prioriteetidest, millele firma orienteerub oma t\u00f6\u00f6d tehes.","breadcrumb":{"@id":"https:\/\/www.fenster.ee\/en\/firmast\/environment\/#breadcrumb"},"inLanguage":"en-US","potentialAction":[{"@type":"ReadAction","target":["https:\/\/www.fenster.ee\/en\/firmast\/environment\/"]}]},{"@type":"ImageObject","inLanguage":"en-US","@id":"https:\/\/www.fenster.ee\/en\/firmast\/environment\/#primaryimage","url":"http:\/\/www.fenster.ee\/wp-content\/uploads\/2014\/04\/Incredible-Living-Room-Design-with-Cream-Sofas-Green-Table-with-Glass-Vase-and-Windows-Made-from-Glass-Panels-Face-the-Scenery-of-Green-Forest-906x604.jpg","contentUrl":"http:\/\/www.fenster.ee\/wp-content\/uploads\/2014\/04\/Incredible-Living-Room-Design-with-Cream-Sofas-Green-Table-with-Glass-Vase-and-Windows-Made-from-Glass-Panels-Face-the-Scenery-of-Green-Forest-906x604.jpg"},{"@type":"BreadcrumbList","@id":"https:\/\/www.fenster.ee\/en\/firmast\/environment\/#breadcrumb","itemListElement":[{"@type":"ListItem","position":1,"name":"Algus","item":"https:\/\/www.fenster.ee\/"},{"@type":"ListItem","position":2,"name":"Company","item":"https:\/\/www.fenster.ee\/en\/firmast\/"},{"@type":"ListItem","position":3,"name":"Environment"}]},{"@type":"WebSite","@id":"https:\/\/www.fenster.ee\/#website","url":"https:\/\/www.fenster.ee\/","name":"Fenster","description":"Tunnustatud aknaekspert - aknad igale ilmale","publisher":{"@id":"https:\/\/www.fenster.ee\/#organization"},"potentialAction":[{"@type":"SearchAction","target":{"@type":"EntryPoint","urlTemplate":"https:\/\/www.fenster.ee\/?s={search_term_string}"},"query-input":{"@type":"PropertyValueSpecification","valueRequired":true,"valueName":"search_term_string"}}],"inLanguage":"en-US"},{"@type":"Organization","@id":"https:\/\/www.fenster.ee\/#organization","name":"Fenster","url":"https:\/\/www.fenster.ee\/","logo":{"@type":"ImageObject","inLanguage":"en-US","@id":"https:\/\/www.fenster.ee\/#\/schema\/logo\/image\/","url":"https:\/\/www.fenster.ee\/wp-content\/uploads\/2017\/07\/fenster-logo-1.png","contentUrl":"https:\/\/www.fenster.ee\/wp-content\/uploads\/2017\/07\/fenster-logo-1.png","width":600,"height":116,"caption":"Fenster"},"image":{"@id":"https:\/\/www.fenster.ee\/#\/schema\/logo\/image\/"},"sameAs":["https:\/\/www.facebook.com\/FensterAknad\/"]}]}},"_links":{"self":[{"href":"https:\/\/www.fenster.ee\/en\/wp-json\/wp\/v2\/pages\/990","targetHints":{"allow":["GET"]}}],"collection":[{"href":"https:\/\/www.fenster.ee\/en\/wp-json\/wp\/v2\/pages"}],"about":[{"href":"https:\/\/www.fenster.ee\/en\/wp-json\/wp\/v2\/types\/page"}],"author":[{"embeddable":true,"href":"https:\/\/www.fenster.ee\/en\/wp-json\/wp\/v2\/users\/1"}],"replies":[{"embeddable":true,"href":"https:\/\/www.fenster.ee\/en\/wp-json\/wp\/v2\/comments?post=990"}],"version-history":[{"count":4,"href":"https:\/\/www.fenster.ee\/en\/wp-json\/wp\/v2\/pages\/990\/revisions"}],"predecessor-version":[{"id":1960,"href":"https:\/\/www.fenster.ee\/en\/wp-json\/wp\/v2\/pages\/990\/revisions\/1960"}],"up":[{"embeddable":true,"href":"https:\/\/www.fenster.ee\/en\/wp-json\/wp\/v2\/pages\/718"}],"wp:attachment":[{"href":"https:\/\/www.fenster.ee\/en\/wp-json\/wp\/v2\/media?parent=990"}],"curies":[{"name":"wp","href":"https:\/\/api.w.org\/{rel}","templated":true}]}}